{"id":258,"date":"2025-09-26T10:14:57","date_gmt":"2025-09-26T07:14:57","guid":{"rendered":"https:\/\/vaasankameleontti.fi\/flexibla-lokaler-for-foretag-som-vill-vaxa\/"},"modified":"2026-03-27T11:05:52","modified_gmt":"2026-03-27T09:05:52","slug":"flexibla-lokaler-for-foretag-som-vill-vaxa","status":"publish","type":"page","link":"https:\/\/vaasankameleontti.fi\/sv\/","title":{"rendered":"Flexibla lokaler f\u00f6r f\u00f6retag som vill v\u00e4xa"},"content":{"rendered":"<div class=\"wpb-content-wrapper\"><p>[vc_row row_height_percent=&#8221;0&#8243; override_padding=&#8221;yes&#8221; h_padding=&#8221;2&#8243; top_padding=&#8221;0&#8243; bottom_padding=&#8221;0&#8243; overlay_alpha=&#8221;50&#8243; equal_height=&#8221;yes&#8221; gutter_size=&#8221;0&#8243; column_width_percent=&#8221;100&#8243; shift_y=&#8221;0&#8243; z_index=&#8221;0&#8243; content_parallax=&#8221;0&#8243; el_class=&#8221;inverted-device-order&#8221; uncode_shortcode_id=&#8221;131481&#8243; row_name=&#8221;Vaasan Kameleontti&#8221;][vc_column column_width_percent=&#8221;100&#8243; position_vertical=&#8221;middle&#8221; gutter_size=&#8221;3&#8243; style=&#8221;dark&#8221; back_color=&#8221;color-128425&#8243; overlay_color=&#8221;color-128425&#8243; overlay_alpha=&#8221;50&#8243; overlay_animated=&#8221;yes&#8221; overlay_animated_1_color=&#8221;color-128425&#8243; overlay_animated_2_color=&#8221;color-709990&#8243; overlay_animated_size=&#8221;0.7&#8243; shift_x=&#8221;0&#8243; shift_y=&#8221;0&#8243; shift_y_down=&#8221;0&#8243; z_index=&#8221;0&#8243; medium_width=&#8221;0&#8243; mobile_width=&#8221;0&#8243; css_animation=&#8221;alpha-anim&#8221; width=&#8221;1\/2&#8243; uncode_shortcode_id=&#8221;444057&#8243; back_color_type=&#8221;uncode-palette&#8221; overlay_color_type=&#8221;uncode-palette&#8221; overlay_animated_1_color_type=&#8221;uncode-palette&#8221; overlay_animated_2_color_type=&#8221;uncode-palette&#8221; css=&#8221;.vc_custom_1759829903833{padding-right: 144px !important;}&#8221;][vc_custom_heading heading_semantic=&#8221;h1&#8243; text_size=&#8221;h1&#8243; css_animation=&#8221;right-t-left&#8221; uncode_shortcode_id=&#8221;919927&#8243;]Flexibla lokaler f\u00f6r f\u00f6retag som vill v\u00e4xa \u2013 bara ett stenkast fr\u00e5n Vasa flygplats.[\/vc_custom_heading][vc_empty_space empty_h=&#8221;4&#8243; medium_visibility=&#8221;yes&#8221; mobile_visibility=&#8221;yes&#8221;][vc_column_text css_animation=&#8221;right-t-left&#8221; animation_delay=&#8221;200&#8243; uncode_shortcode_id=&#8221;272047&#8243;]<\/p>\n<h4>Kameleonten i Vasa erbjuder framtidens arbetsmilj\u00f6 mitt i Runsor \u2013 en modern, energieffektiv och inspirerande plats f\u00f6r f\u00f6retag som vill utvecklas. Endast femton minuter fr\u00e5n Vasa centrum hittar du lokaler d\u00e4r komfort, teknik och h\u00e5llbarhet m\u00f6ts p\u00e5 b\u00e4sta s\u00e4tt.<\/h4>\n<p>[\/vc_column_text][\/vc_column][vc_column column_width_percent=&#8221;100&#8243; gutter_size=&#8221;3&#8243; back_image=&#8221;351&#8243; kburns=&#8221;yes&#8221; overlay_alpha=&#8221;50&#8243; shift_x=&#8221;0&#8243; shift_y=&#8221;0&#8243; shift_y_down=&#8221;0&#8243; z_index=&#8221;0&#8243; medium_width=&#8221;0&#8243; mobile_width=&#8221;0&#8243; width=&#8221;1\/2&#8243; uncode_shortcode_id=&#8221;144413&#8243;][vc_single_image media=&#8221;351&#8243; media_width_percent=&#8221;100&#8243; media_ratio=&#8221;four-three&#8221; uncode_shortcode_id=&#8221;408925&#8243; el_class=&#8221;hiddenIMG&#8221;][\/vc_column][\/vc_row][vc_row row_height_percent=&#8221;0&#8243; override_padding=&#8221;yes&#8221; h_padding=&#8221;3&#8243; top_padding=&#8221;4&#8243; bottom_padding=&#8221;2&#8243; overlay_alpha=&#8221;100&#8243; gutter_size=&#8221;100&#8243; column_width_percent=&#8221;100&#8243; shift_y=&#8221;0&#8243; z_index=&#8221;0&#8243; content_parallax=&#8221;0&#8243; style=&#8221;inherited&#8221; uncode_shortcode_id=&#8221;161310&#8243; row_name=&#8221;Toimitilat&#8221;][vc_column column_width_percent=&#8221;100&#8243; gutter_size=&#8221;0&#8243; overlay_alpha=&#8221;50&#8243; shift_x=&#8221;0&#8243; shift_y=&#8221;0&#8243; shift_y_down=&#8221;0&#8243; z_index=&#8221;0&#8243; medium_width=&#8221;0&#8243; mobile_width=&#8221;0&#8243; css_animation=&#8221;alpha-anim&#8221; zoom_width=&#8221;0&#8243; zoom_height=&#8221;0&#8243; width=&#8221;1\/1&#8243; uncode_shortcode_id=&#8221;782766&#8243;][vc_row_inner][vc_column_inner width=&#8221;1\/2&#8243;][vc_column_text text_lead=&#8221;yes&#8221; text_color=&#8221;color-128425&#8243; css_animation=&#8221;right-t-left&#8221; uncode_shortcode_id=&#8221;140076&#8243; text_color_type=&#8221;uncode-palette&#8221;]Fem v\u00e5ningar med flexibla och moderna aff\u00e4rslokaler.[\/vc_column_text][vc_empty_space empty_h=&#8221;2&#8243;][\/vc_column_inner][vc_column_inner column_width_percent=&#8221;100&#8243; gutter_size=&#8221;3&#8243; overlay_alpha=&#8221;50&#8243; shift_x=&#8221;0&#8243; shift_y=&#8221;0&#8243; shift_y_down=&#8221;0&#8243; z_index=&#8221;0&#8243; medium_width=&#8221;0&#8243; mobile_visibility=&#8221;yes&#8221; mobile_width=&#8221;0&#8243; width=&#8221;1\/2&#8243; uncode_shortcode_id=&#8221;191018&#8243;][\/vc_column_inner][\/vc_row_inner][vc_gallery el_id=&#8221;gallery-958453445&#8243; type=&#8221;carousel&#8221; medias=&#8221;228,229,230,231,232,233,234,235,236,237,238,239,240,241,242,243,244,245,246,247,248,249,250,251,252,253,254&#8243; carousel_lg=&#8221;3&#8243; carousel_md=&#8221;3&#8243; carousel_sm=&#8221;1&#8243; thumb_size=&#8221;four-three&#8221; gutter_size=&#8221;2&#8243; media_items=&#8221;media|lightbox|original,icon,caption&#8221; carousel_interval=&#8221;0&#8243; carousel_navspeed=&#8221;400&#8243; carousel_overflow=&#8221;yes&#8221; stage_padding=&#8221;0&#8243; single_text=&#8221;under&#8221; single_overlay_opacity=&#8221;50&#8243; single_text_visible=&#8221;yes&#8221; single_text_anim=&#8221;no&#8221; single_v_position=&#8221;top&#8221; single_padding=&#8221;1&#8243; single_icon=&#8221;fa fa-plus2&#8243; single_border=&#8221;yes&#8221; lbox_caption=&#8221;yes&#8221; no_double_tap=&#8221;yes&#8221; carousel_rtl=&#8221;&#8221; single_title_uppercase=&#8221;&#8221; single_title_bold=&#8221;&#8221; single_title_serif=&#8221;&#8221; onclick=&#8221;link_image&#8221; custom_links_target=&#8221;_self&#8221; items=&#8221;eyI4ODY4X2kiOnsic2luZ2xlX3dpZHRoIjoiNCIsInNpbmdsZV9oZWlnaHQiOiI0In0sIjg4NjJfaSI6eyJzaW5nbGVfd2lkdGgiOiI0Iiwic2luZ2xlX2hlaWdodCI6IjQifSwiODg2MF9pIjp7InNpbmdsZV93aWR0aCI6IjQifX0=&#8221; single_half_padding=&#8221;&#8221; single_no_background=&#8221;&#8221; uncode_shortcode_id=&#8221;109029&#8243; el_class=&#8221;visibleIcon&#8221;][vc_row_inner][vc_column_inner column_width_percent=&#8221;100&#8243; gutter_size=&#8221;3&#8243; override_padding=&#8221;yes&#8221; column_padding=&#8221;2&#8243; overlay_alpha=&#8221;50&#8243; shift_x=&#8221;0&#8243; shift_y=&#8221;0&#8243; shift_y_down=&#8221;0&#8243; z_index=&#8221;0&#8243; medium_width=&#8221;0&#8243; mobile_width=&#8221;0&#8243; css_animation=&#8221;right-t-left&#8221; width=&#8221;1\/2&#8243; uncode_shortcode_id=&#8221;177109&#8243;][uncode_carousel_nav padding=&#8221;0&#8243; h_align=&#8221;left&#8221; arrow_style=&#8221;outline&#8221; arrow_bg_size=&#8221;sm&#8221; icon=&#8221;fa fa-arrow-right2&#8243; arrow_size=&#8221;fa-05x&#8221; hide_dots=&#8221;yes&#8221; hide_counter=&#8221;yes&#8221; uncode_shortcode_id=&#8221;819385&#8243; target=&#8221;gallery-958453445&#8243;][vc_column_text uncode_shortcode_id=&#8221;136861&#8243;]Hos Kameleonten v\u00e4xer din verksamhet med rummen. V\u00e5ra lokaler anpassar sig efter dina behov \u2013 fr\u00e5n snabb expansion till effektiv vardag. Energieffektiv planering, solenergi och smart teknik ger l\u00e4gre kostnader och konkret h\u00e5llbarhet i vardagen.<\/p>\n<p>De gemensamma ytorna \u00e4r utformade f\u00f6r att skapa m\u00f6ten, id\u00e9er och samarbete \u2013 spontant och naturligt. Kameleonten \u00e4r mer \u00e4n kontor: det \u00e4r en levande arbetsmilj\u00f6 d\u00e4r m\u00e4nniskor och f\u00f6retag blomstrar tillsammans.[\/vc_column_text][vc_button button_color=&#8221;color-279189&#8243; text_skin=&#8221;yes&#8221; custom_typo=&#8221;yes&#8221; font_family=&#8221;font-181242&#8243; font_weight=&#8221;400&#8243; border_width=&#8221;0&#8243; link=&#8221;url:%23ota-yhteytta|title:Kontakta%20oss|rel:nofollow|&#8221; button_color_type=&#8221;uncode-palette&#8221; uncode_shortcode_id=&#8221;147536&#8243;]Kontakta oss[\/vc_button][\/vc_column_inner][vc_column_inner column_width_percent=&#8221;100&#8243; gutter_size=&#8221;3&#8243; overlay_alpha=&#8221;50&#8243; shift_x=&#8221;0&#8243; shift_y=&#8221;0&#8243; shift_y_down=&#8221;0&#8243; z_index=&#8221;0&#8243; medium_width=&#8221;0&#8243; mobile_visibility=&#8221;yes&#8221; mobile_width=&#8221;0&#8243; width=&#8221;1\/2&#8243; uncode_shortcode_id=&#8221;971591&#8243;][\/vc_column_inner][\/vc_row_inner][\/vc_column][\/vc_row][vc_row row_height_percent=&#8221;50&#8243; override_padding=&#8221;yes&#8221; h_padding=&#8221;2&#8243; top_padding=&#8221;3&#8243; bottom_padding=&#8221;5&#8243; overlay_alpha=&#8221;50&#8243; equal_height=&#8221;yes&#8221; gutter_size=&#8221;0&#8243; column_width_percent=&#8221;100&#8243; shift_y=&#8221;0&#8243; z_index=&#8221;0&#8243; content_parallax=&#8221;0&#8243; el_class=&#8221;inverted-device-order&#8221; uncode_shortcode_id=&#8221;181027&#8243; row_name=&#8221;Palvelut&#8221;][vc_column column_width_percent=&#8221;100&#8243; gutter_size=&#8221;3&#8243; back_image=&#8221;227&#8243; kburns=&#8221;yes&#8221; overlay_alpha=&#8221;50&#8243; shift_x=&#8221;0&#8243; shift_y=&#8221;0&#8243; shift_y_down=&#8221;0&#8243; z_index=&#8221;0&#8243; medium_width=&#8221;0&#8243; mobile_width=&#8221;0&#8243; width=&#8221;7\/12&#8243; uncode_shortcode_id=&#8221;183579&#8243;][vc_single_image media=&#8221;227&#8243; media_width_percent=&#8221;100&#8243; media_ratio=&#8221;sixteen-nine&#8221; uncode_shortcode_id=&#8221;184863&#8243; el_class=&#8221;hiddenIMG&#8221;][\/vc_column][vc_column column_width_percent=&#8221;100&#8243; position_vertical=&#8221;middle&#8221; gutter_size=&#8221;3&#8243; override_padding=&#8221;yes&#8221; column_padding=&#8221;2&#8243; back_color=&#8221;color-128425&#8243; overlay_color=&#8221;color-128425&#8243; overlay_alpha=&#8221;50&#8243; overlay_animated=&#8221;yes&#8221; overlay_animated_1_color=&#8221;color-128425&#8243; overlay_animated_2_color=&#8221;color-709990&#8243; overlay_animated_size=&#8221;0.7&#8243; shift_x=&#8221;0&#8243; shift_y=&#8221;0&#8243; shift_y_down=&#8221;0&#8243; z_index=&#8221;0&#8243; medium_width=&#8221;0&#8243; mobile_width=&#8221;0&#8243; css_animation=&#8221;alpha-anim&#8221; width=&#8221;5\/12&#8243; uncode_shortcode_id=&#8221;180135&#8243; back_color_type=&#8221;uncode-palette&#8221; overlay_color_type=&#8221;uncode-palette&#8221; overlay_animated_1_color_type=&#8221;uncode-palette&#8221; overlay_animated_2_color_type=&#8221;uncode-palette&#8221; css=&#8221;.vc_custom_1759829940170{padding-right: 144px !important;}&#8221;][vc_custom_heading text_color=&#8221;color-xsdn&#8221; uncode_shortcode_id=&#8221;879201&#8243; text_color_type=&#8221;uncode-palette&#8221;]Tj\u00e4nster[\/vc_custom_heading][vc_column_text uncode_shortcode_id=&#8221;110795&#8243;]Kameleontens tj\u00e4nster utvecklas i takt med f\u00f6retagen i huset. H\u00e4r finns allt du beh\u00f6ver f\u00f6r en smidig arbetsdag: Reception, moderna m\u00f6tesrum, lunchrestaurang och caf\u00e9 \u2013 allt under samma tak.[\/vc_column_text][vc_button button_color=&#8221;color-279189&#8243; text_skin=&#8221;yes&#8221; custom_typo=&#8221;yes&#8221; font_family=&#8221;font-181242&#8243; font_weight=&#8221;400&#8243; border_width=&#8221;0&#8243; link=&#8221;url:%23ota-yhteytta|title:Kontakta%20oss|rel:nofollow|&#8221; button_color_type=&#8221;uncode-palette&#8221; uncode_shortcode_id=&#8221;147536&#8243;]Kontakta oss[\/vc_button][\/vc_column][\/vc_row][vc_row row_height_percent=&#8221;0&#8243; override_padding=&#8221;yes&#8221; h_padding=&#8221;2&#8243; top_padding=&#8221;4&#8243; bottom_padding=&#8221;4&#8243; back_color=&#8221;color-128425&#8243; back_image=&#8221;53&#8243; back_repeat=&#8221;no-repeat&#8221; back_position=&#8221;right center&#8221; parallax=&#8221;yes&#8221; overlay_color=&#8221;color-128425&#8243; overlay_alpha=&#8221;50&#8243; overlay_animated=&#8221;yes&#8221; overlay_animated_1_color=&#8221;color-128425&#8243; overlay_animated_2_color=&#8221;color-709990&#8243; overlay_animated_size=&#8221;0.7&#8243; equal_height=&#8221;yes&#8221; gutter_size=&#8221;0&#8243; column_width_percent=&#8221;100&#8243; shift_y=&#8221;0&#8243; z_index=&#8221;0&#8243; content_parallax=&#8221;0&#8243; el_class=&#8221;inverted-device-order&#8221; uncode_shortcode_id=&#8221;100787&#8243; back_color_type=&#8221;uncode-palette&#8221; overlay_color_type=&#8221;uncode-palette&#8221; overlay_animated_1_color_type=&#8221;uncode-palette&#8221; overlay_animated_2_color_type=&#8221;uncode-palette&#8221; back_size=&#8221;auto 100%&#8221;][vc_column column_width_percent=&#8221;100&#8243; position_vertical=&#8221;middle&#8221; align_horizontal=&#8221;align_center&#8221; gutter_size=&#8221;3&#8243; overlay_alpha=&#8221;50&#8243; shift_x=&#8221;0&#8243; shift_y=&#8221;0&#8243; shift_y_down=&#8221;0&#8243; z_index=&#8221;0&#8243; medium_width=&#8221;0&#8243; mobile_width=&#8221;0&#8243; css_animation=&#8221;alpha-anim&#8221; width=&#8221;1\/1&#8243; uncode_shortcode_id=&#8221;123184&#8243;][vc_row_inner row_inner_height_percent=&#8221;0&#8243; overlay_alpha=&#8221;50&#8243; equal_height=&#8221;yes&#8221; gutter_size=&#8221;4&#8243; shift_y=&#8221;0&#8243; z_index=&#8221;0&#8243; uncode_shortcode_id=&#8221;512189&#8243;][vc_column_inner column_width_percent=&#8221;100&#8243; position_vertical=&#8221;middle&#8221; gutter_size=&#8221;3&#8243; overlay_alpha=&#8221;50&#8243; shift_x=&#8221;0&#8243; shift_y=&#8221;0&#8243; shift_y_down=&#8221;0&#8243; z_index=&#8221;0&#8243; medium_width=&#8221;0&#8243; mobile_width=&#8221;0&#8243; css_animation=&#8221;bottom-t-top&#8221; width=&#8221;7\/12&#8243; uncode_shortcode_id=&#8221;464068&#8243;][vc_custom_heading text_color=&#8221;color-xsdn&#8221; uncode_shortcode_id=&#8221;244527&#8243; text_color_type=&#8221;uncode-palette&#8221;]Lokaler[\/vc_custom_heading][vc_column_text uncode_shortcode_id=&#8221;163661&#8243;]Vid planering och byggandet har vi kombinerat anv\u00e4ndarkomfort, yteffektivitet och teknisk toppniv\u00e5. Ett modernt automationssystem optimerar energif\u00f6rbrukningen och inomhusklimatet \u2013 ekonomiskt, effektivt och h\u00e5llbart.<\/p>\n<p>Den totala uthyrningsbara ytan uppg\u00e5r till cirka 12 000 m\u00b2, f\u00f6rdelad p\u00e5 fem v\u00e5ningar. V\u00e5ningarna 1\u20134 har vardera en genomsnittlig yta p\u00e5 cirka 2 700 m\u00b2, och alla lokaler kan anpassas efter verksamhetens behov.<\/p>\n<p>Uthyrningsbara lokaler finns fr\u00e5n ca 150 m\u00b2 och upp\u00e5t.<\/p>\n<p><strong>Exempel p\u00e5 rymdl\u00f6sningar<\/strong>[\/vc_column_text][vc_raw_html]JTNDZGl2JTIwY2xhc3MlM0QlMjJibHVlcHJpbnRTaG9ydGN1dHMlMjIlM0UlM0MlMkZkaXYlM0U=[\/vc_raw_html][vc_button button_color=&#8221;color-279189&#8243; text_skin=&#8221;yes&#8221; custom_typo=&#8221;yes&#8221; font_family=&#8221;font-181242&#8243; font_weight=&#8221;400&#8243; border_width=&#8221;0&#8243; link=&#8221;url:%23ota-yhteytta|title:Kontakta%20oss|rel:nofollow|&#8221; button_color_type=&#8221;uncode-palette&#8221; uncode_shortcode_id=&#8221;147536&#8243;]Kontakta oss[\/vc_button][\/vc_column_inner][vc_column_inner column_width_percent=&#8221;100&#8243; gutter_size=&#8221;3&#8243; overlay_alpha=&#8221;50&#8243; shift_x=&#8221;0&#8243; shift_y=&#8221;0&#8243; shift_y_down=&#8221;0&#8243; z_index=&#8221;0&#8243; medium_width=&#8221;0&#8243; mobile_width=&#8221;0&#8243; parallax_intensity=&#8221;2&#8243; width=&#8221;5\/12&#8243; uncode_shortcode_id=&#8221;133020&#8243;][vc_gallery el_id=&#8221;gallery-165375&#8243; type=&#8221;carousel&#8221; medias=&#8221;255,256,257&#8243; carousel_lg=&#8221;1&#8243; carousel_md=&#8221;1&#8243; carousel_sm=&#8221;1&#8243; gutter_size=&#8221;0&#8243; media_items=&#8221;media|nolink|original&#8221; carousel_type=&#8221;fade&#8221; carousel_interval=&#8221;0&#8243; carousel_navspeed=&#8221;400&#8243; carousel_dots=&#8221;yes&#8221; carousel_dots_mobile=&#8221;yes&#8221; carousel_dot_position=&#8221;left&#8221; stage_padding=&#8221;0&#8243; single_overlay_opacity=&#8221;10&#8243; single_overlay_anim=&#8221;no&#8221; single_text_visible=&#8221;yes&#8221; single_text_anim=&#8221;no&#8221; single_image_anim=&#8221;no&#8221; single_h_align=&#8221;right&#8221; single_v_position=&#8221;top&#8221; single_padding=&#8221;1&#8243; single_icon=&#8221;fa fa-plus2&#8243; single_border=&#8221;yes&#8221; uncode_shortcode_id=&#8221;876539&#8243; el_class=&#8221;generateShortcuts&#8221;][\/vc_column_inner][\/vc_row_inner][\/vc_column][\/vc_row][vc_row row_height_percent=&#8221;0&#8243; override_padding=&#8221;yes&#8221; h_padding=&#8221;2&#8243; top_padding=&#8221;4&#8243; bottom_padding=&#8221;3&#8243; overlay_alpha=&#8221;50&#8243; gutter_size=&#8221;3&#8243; column_width_percent=&#8221;100&#8243; shift_y=&#8221;0&#8243; z_index=&#8221;0&#8243; content_parallax=&#8221;0&#8243; uncode_shortcode_id=&#8221;343242&#8243; row_name=&#8221;Sijainti&#8221;][vc_column column_width_use_pixel=&#8221;yes&#8221; align_horizontal=&#8221;align_center&#8221; gutter_size=&#8221;3&#8243; overlay_alpha=&#8221;50&#8243; shift_x=&#8221;0&#8243; shift_y=&#8221;0&#8243; shift_y_down=&#8221;0&#8243; z_index=&#8221;0&#8243; medium_width=&#8221;0&#8243; mobile_width=&#8221;0&#8243; css_animation=&#8221;alpha-anim&#8221; width=&#8221;1\/1&#8243; uncode_shortcode_id=&#8221;382540&#8243; column_width_pixel=&#8221;900&#8243;][vc_custom_heading text_color=&#8221;color-128425&#8243; css_animation=&#8221;bottom-t-top&#8221; uncode_shortcode_id=&#8221;980767&#8243; text_color_type=&#8221;uncode-palette&#8221;]L\u00e4ge[\/vc_custom_heading][vc_column_text css_animation=&#8221;bottom-t-top&#8221; uncode_shortcode_id=&#8221;731657&#8243;]Vaasa Airport Park \u2013 d\u00e4r tillg\u00e4nglighet, synlighet och n\u00e4tverk m\u00f6ts.<\/p>\n<p>Omr\u00e5det ligger precis vid flygplatsen och den s\u00f6dra infarten, mitt i Nordens st\u00f6rsta energikluster. Med <strong>\u00f6ver 150 000 m\u00b2 lokaler och 4 000 experter<\/strong> \u00e4r omr\u00e5det en livskraftig milj\u00f6 f\u00f6r f\u00f6retag som vill v\u00e4xa och samarbeta.[\/vc_column_text][\/vc_column][\/vc_row][vc_row row_height_percent=&#8221;50&#8243; override_padding=&#8221;yes&#8221; h_padding=&#8221;2&#8243; top_padding=&#8221;0&#8243; bottom_padding=&#8221;2&#8243; overlay_alpha=&#8221;50&#8243; equal_height=&#8221;yes&#8221; gutter_size=&#8221;0&#8243; column_width_percent=&#8221;100&#8243; shift_y=&#8221;0&#8243; z_index=&#8221;0&#8243; inverted_device_order=&#8221;yes&#8221; content_parallax=&#8221;0&#8243; el_class=&#8221;inverted-device-order&#8221; uncode_shortcode_id=&#8221;193512&#8243;][vc_column column_width_percent=&#8221;100&#8243; position_vertical=&#8221;middle&#8221; gutter_size=&#8221;3&#8243; override_padding=&#8221;yes&#8221; column_padding=&#8221;3&#8243; back_color=&#8221;color-128425&#8243; overlay_color=&#8221;color-128425&#8243; overlay_alpha=&#8221;50&#8243; overlay_animated=&#8221;yes&#8221; overlay_animated_1_color=&#8221;color-128425&#8243; overlay_animated_2_color=&#8221;color-709990&#8243; overlay_animated_size=&#8221;0.7&#8243; shift_x=&#8221;0&#8243; shift_y=&#8221;0&#8243; shift_y_down=&#8221;0&#8243; z_index=&#8221;0&#8243; medium_width=&#8221;0&#8243; mobile_width=&#8221;0&#8243; width=&#8221;5\/12&#8243; uncode_shortcode_id=&#8221;172199&#8243; back_color_type=&#8221;uncode-palette&#8221; overlay_color_type=&#8221;uncode-palette&#8221; overlay_animated_1_color_type=&#8221;uncode-palette&#8221; overlay_animated_2_color_type=&#8221;uncode-palette&#8221; css=&#8221;.vc_custom_1759829950707{padding-right: 144px !important;}&#8221;][vc_row_inner][vc_column_inner column_width_percent=&#8221;100&#8243; gutter_size=&#8221;1&#8243; overlay_alpha=&#8221;50&#8243; shift_x=&#8221;0&#8243; shift_y=&#8221;0&#8243; shift_y_down=&#8221;0&#8243; z_index=&#8221;0&#8243; medium_width=&#8221;0&#8243; mobile_width=&#8221;0&#8243; width=&#8221;1\/1&#8243; uncode_shortcode_id=&#8221;106877&#8243;][vc_custom_heading text_color=&#8221;color-xsdn&#8221; uncode_shortcode_id=&#8221;154635&#8243; text_color_type=&#8221;uncode-palette&#8221;]Avst\u00e5nd &amp; f\u00f6rbindelser[\/vc_custom_heading][vc_icon position=&#8221;left&#8221; space_reduced=&#8221;yes&#8221; icon=&#8221;fa fa-plane&#8221; size=&#8221;fa-2x&#8221; heading_semantic=&#8221;p&#8221; text_size=&#8221;&#8221; uncode_shortcode_id=&#8221;176134&#8243; title=&#8221;Vasa flygplats \u2013 3 km&#8221;][\/vc_icon][vc_icon position=&#8221;left&#8221; space_reduced=&#8221;yes&#8221; icon=&#8221;fa fa-train2&#8243; size=&#8221;fa-2x&#8221; heading_semantic=&#8221;p&#8221; text_size=&#8221;&#8221; uncode_shortcode_id=&#8221;166279&#8243; title=&#8221;T\u00e5gf\u00f6rbindelse \u2013 9 km&#8221;][\/vc_icon][vc_icon position=&#8221;left&#8221; space_reduced=&#8221;yes&#8221; icon=&#8221;fa fa-bus2&#8243; size=&#8221;fa-2x&#8221; heading_semantic=&#8221;p&#8221; text_size=&#8221;&#8221; uncode_shortcode_id=&#8221;174023&#8243; title=&#8221;Bussf\u00f6rbindelse \u2013 800 m&#8221;][\/vc_icon][vc_icon position=&#8221;left&#8221; space_reduced=&#8221;yes&#8221; icon=&#8221;fa fa-ship&#8221; size=&#8221;fa-2x&#8221; heading_semantic=&#8221;p&#8221; text_size=&#8221;&#8221; uncode_shortcode_id=&#8221;994200&#8243; title=&#8221;Vasa hamn \u2013 12 km&#8221;][\/vc_icon][\/vc_column_inner][\/vc_row_inner][vc_row_inner][vc_column_inner column_width_percent=&#8221;100&#8243; gutter_size=&#8221;1&#8243; overlay_alpha=&#8221;50&#8243; shift_x=&#8221;0&#8243; shift_y=&#8221;0&#8243; shift_y_down=&#8221;0&#8243; z_index=&#8221;0&#8243; medium_width=&#8221;0&#8243; mobile_width=&#8221;0&#8243; width=&#8221;1\/1&#8243; uncode_shortcode_id=&#8221;926554&#8243;][vc_custom_heading text_color=&#8221;color-xsdn&#8221; uncode_shortcode_id=&#8221;282753&#8243; text_color_type=&#8221;uncode-palette&#8221;]Till viktiga destinationer[\/vc_custom_heading][vc_icon position=&#8221;left&#8221; space_reduced=&#8221;yes&#8221; icon=&#8221;fa fa-apartment&#8221; size=&#8221;fa-2x&#8221; heading_semantic=&#8221;p&#8221; text_size=&#8221;&#8221; uncode_shortcode_id=&#8221;658457&#8243; title=&#8221;Vasa centrum \u2013 9 km&#8221;][\/vc_icon][vc_icon position=&#8221;left&#8221; space_reduced=&#8221;yes&#8221; icon=&#8221;fa fa-hospital-o&#8221; size=&#8221;fa-2x&#8221; heading_semantic=&#8221;p&#8221; text_size=&#8221;&#8221; uncode_shortcode_id=&#8221;177979&#8243; title=&#8221;Centralsjukhuset \u2013 8 km&#8221;][\/vc_icon][vc_icon position=&#8221;left&#8221; space_reduced=&#8221;yes&#8221; icon=&#8221;fa fa-graduation-hat&#8221; size=&#8221;fa-2x&#8221; heading_semantic=&#8221;p&#8221; text_size=&#8221;&#8221; uncode_shortcode_id=&#8221;102994&#8243; title=&#8221;Universitetet i Vasa \u2013 11 km&#8221;][\/vc_icon][\/vc_column_inner][\/vc_row_inner][\/vc_column][vc_column column_width_percent=&#8221;100&#8243; gutter_size=&#8221;3&#8243; expand_height=&#8221;yes&#8221; overlay_alpha=&#8221;50&#8243; shift_x=&#8221;0&#8243; shift_y=&#8221;0&#8243; shift_y_down=&#8221;0&#8243; z_index=&#8221;0&#8243; medium_width=&#8221;0&#8243; mobile_width=&#8221;0&#8243; width=&#8221;7\/12&#8243; uncode_shortcode_id=&#8221;524340&#8243; el_class=&#8221;fullHeight&#8221;][\/vc_column][\/vc_row][vc_row row_height_percent=&#8221;0&#8243; override_padding=&#8221;yes&#8221; h_padding=&#8221;3&#8243; top_padding=&#8221;4&#8243; bottom_padding=&#8221;4&#8243; overlay_alpha=&#8221;50&#8243; gutter_size=&#8221;4&#8243; column_width_percent=&#8221;100&#8243; shift_y=&#8221;0&#8243; z_index=&#8221;0&#8243; content_parallax=&#8221;0&#8243; uncode_shortcode_id=&#8221;142935&#8243; row_name=&#8221;Q &amp; A&#8221;][vc_column column_width_percent=&#8221;100&#8243; gutter_size=&#8221;2&#8243; overlay_alpha=&#8221;50&#8243; shift_x=&#8221;0&#8243; shift_y=&#8221;0&#8243; shift_y_down=&#8221;0&#8243; z_index=&#8221;0&#8243; medium_width=&#8221;2&#8243; mobile_width=&#8221;0&#8243; css_animation=&#8221;alpha-anim&#8221; animation_speed=&#8221;1000&#8243; width=&#8221;4\/12&#8243; uncode_shortcode_id=&#8221;183889&#8243;][vc_custom_heading text_color=&#8221;color-128425&#8243; uncode_shortcode_id=&#8221;203928&#8243; text_color_type=&#8221;uncode-palette&#8221;]Fr\u00e5gor &amp; svar<br \/>\nHar du fr\u00e5gor? Vi har svaren.[\/vc_custom_heading][vc_column_text uncode_shortcode_id=&#8221;111622&#8243;]Kameleonten anpassar sig f\u00f6rv\u00e5nansv\u00e4rt enkelt till olika behov \u2013 vi hj\u00e4lper dig att hitta den l\u00f6sning som passar just din verksamhet.[\/vc_column_text][vc_button button_color=&#8221;color-279189&#8243; text_skin=&#8221;yes&#8221; custom_typo=&#8221;yes&#8221; font_family=&#8221;font-181242&#8243; font_weight=&#8221;400&#8243; border_width=&#8221;0&#8243; link=&#8221;url:%23ota-yhteytta|title:Kontakta%20oss|rel:nofollow|&#8221; button_color_type=&#8221;uncode-palette&#8221; uncode_shortcode_id=&#8221;147536&#8243;]Kontakta oss[\/vc_button][\/vc_column][vc_column column_width_percent=&#8221;100&#8243; gutter_size=&#8221;3&#8243; overlay_alpha=&#8221;50&#8243; shift_x=&#8221;0&#8243; shift_y=&#8221;0&#8243; shift_y_down=&#8221;0&#8243; z_index=&#8221;0&#8243; medium_width=&#8221;6&#8243; mobile_width=&#8221;0&#8243; css_animation=&#8221;alpha-anim&#8221; animation_speed=&#8221;1000&#8243; width=&#8221;8\/12&#8243; uncode_shortcode_id=&#8221;196782&#8243;][vc_accordion no_toggle=&#8221;yes&#8221; typography=&#8221;advanced&#8221; sign=&#8221;plus&#8221; content_border=&#8221;yes&#8221; gutter_simple=&#8221;0&#8243; no_h_padding=&#8221;yes&#8221; titles_size=&#8221;h4&#8243; titles_weight=&#8221;700&#8243; titles_height=&#8221;fontheight-830977&#8243; uncode_shortcode_id=&#8221;364605&#8243; active_tab=&#8221;1&#8243;][vc_accordion_tab gutter_size=&#8221;3&#8243; column_padding=&#8221;2&#8243; title=&#8221;Hur m\u00e5nga parkeringsplatser finns det f\u00f6r personal och bes\u00f6kare? Finns laddplatser f\u00f6r elbilar?&#8221; tab_id=&#8221;efe01523-2776-6167267070583917157580534076907-9af1&#8243;][vc_column_text uncode_shortcode_id=&#8221;332435&#8243;]Det finns totalt 467 parkeringsplatser p\u00e5 fastigheten. \u00c5tta platser \u00e4r redan f\u00f6rberedda f\u00f6r elbilsladdning \u2013 fler kan installeras vid behov.[\/vc_column_text][\/vc_accordion_tab][vc_accordion_tab gutter_size=&#8221;3&#8243; column_padding=&#8221;2&#8243; title=&#8221;\u00c4r byggnaden tillg\u00e4nglig f\u00f6r alla?&#8221; tab_id=&#8221;1665420124-2-0167267070583917157580534076907-9af1&#8243;][vc_column_text uncode_shortcode_id=&#8221;212852&#8243;]Ja, samtliga v\u00e5ningar har hissf\u00f6rbindelse.[\/vc_column_text][\/vc_accordion_tab][vc_accordion_tab gutter_size=&#8221;3&#8243; column_padding=&#8221;2&#8243; title=&#8221;Vilken typ av internetanslutning finns?&#8221; tab_id=&#8221;10314d48-70e0-0167267070583917157580534076907-9af1&#8243;][vc_column_text uncode_shortcode_id=&#8221;164271&#8243;]Huset har fiberoptiskt n\u00e4tverk i alla lokaler, med m\u00f6jlighet att skr\u00e4ddarsy anslutningar efter behov.[\/vc_column_text][\/vc_accordion_tab][vc_accordion_tab gutter_size=&#8221;3&#8243; column_padding=&#8221;2&#8243; title=&#8221;Hur fungerar uppv\u00e4rmning och kylning?&#8221; tab_id=&#8221;1665420124-1-86167267070583917157580534076907-9af1&#8243;][vc_column_text uncode_shortcode_id=&#8221;589535&#8243;]Ett automatiskt klimat- och kylsystem h\u00e5ller temperaturen stabil \u00e5ret runt.[\/vc_column_text][\/vc_accordion_tab][vc_accordion_tab gutter_size=&#8221;3&#8243; column_padding=&#8221;2&#8243; title=&#8221;\u00c4r belysta fasadskyltar till\u00e5tna?&#8221; tab_id=&#8221;48f28542-59c9-017157580534076907-9af1&#8243;][vc_column_text uncode_shortcode_id=&#8221;130141&#8243;]Ja.[\/vc_column_text][\/vc_accordion_tab][vc_accordion_tab gutter_size=&#8221;3&#8243; column_padding=&#8221;2&#8243; title=&#8221;N\u00e4r blir lokalerna tillg\u00e4ngliga?&#8221; tab_id=&#8221;6232a039-f9b5-7167267070583917157580534076907-9af1&#8243;][vc_column_text uncode_shortcode_id=&#8221;201111&#8243;]Fr\u00e5n och med februari 2026, med m\u00f6jlighet till flexibel inflyttning.[\/vc_column_text][\/vc_accordion_tab][vc_accordion_tab gutter_size=&#8221;3&#8243; column_padding=&#8221;2&#8243; title=&#8221;Hur ser omr\u00e5dets utveckling ut fram\u00f6ver?&#8221; tab_id=&#8221;1759753807346-6-9&#8243;][vc_column_text uncode_shortcode_id=&#8221;929545&#8243;]Runsor utvecklas kontinuerligt som ett dynamiskt business park-omr\u00e5de. Hitachi Energy bygger en ny fabrik i Vikby, vilket skapar fler arbetstillf\u00e4llen och st\u00e4rker regionens attraktionskraft.[\/vc_column_text][\/vc_accordion_tab][\/vc_accordion][\/vc_column][\/vc_row]<\/p>\n<\/div>","protected":false},"excerpt":{"rendered":"<p>[vc_row row_height_percent=&#8221;0&#8243; override_padding=&#8221;yes&#8221; h_padding=&#8221;2&#8243; top_padding=&#8221;0&#8243; bottom_padding=&#8221;0&#8243; overlay_alpha=&#8221;50&#8243; equal_height=&#8221;yes&#8221; gutter_size=&#8221;0&#8243; column_width_percent=&#8221;100&#8243; shift_y=&#8221;0&#8243; z_index=&#8221;0&#8243; content_parallax=&#8221;0&#8243; el_class=&#8221;inverted-device-order&#8221; uncode_shortcode_id=&#8221;131481&#8243; row_name=&#8221;Vaasan Kameleontti&#8221;][vc_column column_width_percent=&#8221;100&#8243; position_vertical=&#8221;middle&#8221; gutter_size=&#8221;3&#8243; [&hellip;]<\/p>\n","protected":false},"author":1,"featured_media":450,"parent":0,"menu_order":0,"comment_status":"closed","ping_status":"closed","template":"","meta":{"footnotes":""},"class_list":["post-258","page","type-page","status-publish","has-post-thumbnail","hentry"],"yoast_head":"<!-- This site is optimized with the Yoast SEO plugin v26.8 - https:\/\/yoast.com\/product\/yoast-seo-wordpress\/ -->\n<title>Flexibla lokaler f\u00f6r f\u00f6retag som vill v\u00e4xa - Vaasan Kameleontti<\/title>\n<meta name=\"robots\" content=\"index, follow, max-snippet:-1, max-image-preview:large, max-video-preview:-1\" \/>\n<link rel=\"canonical\" href=\"https:\/\/vaasankameleontti.fi\/sv\/\" \/>\n<meta property=\"og:locale\" content=\"sv_SE\" \/>\n<meta property=\"og:type\" content=\"article\" \/>\n<meta property=\"og:title\" content=\"Flexibla lokaler f\u00f6r f\u00f6retag som vill v\u00e4xa - Vaasan Kameleontti\" \/>\n<meta property=\"og:description\" content=\"[vc_row row_height_percent=&#8221;0&#8243; override_padding=&#8221;yes&#8221; h_padding=&#8221;2&#8243; top_padding=&#8221;0&#8243; bottom_padding=&#8221;0&#8243; overlay_alpha=&#8221;50&#8243; equal_height=&#8221;yes&#8221; gutter_size=&#8221;0&#8243; column_width_percent=&#8221;100&#8243; shift_y=&#8221;0&#8243; z_index=&#8221;0&#8243; content_parallax=&#8221;0&#8243; el_class=&#8221;inverted-device-order&#8221; uncode_shortcode_id=&#8221;131481&#8243; row_name=&#8221;Vaasan Kameleontti&#8221;][vc_column column_width_percent=&#8221;100&#8243; position_vertical=&#8221;middle&#8221; gutter_size=&#8221;3&#8243; [&hellip;]\" \/>\n<meta property=\"og:url\" content=\"https:\/\/vaasankameleontti.fi\/sv\/\" \/>\n<meta property=\"og:site_name\" content=\"Vaasan Kameleontti\" \/>\n<meta property=\"article:modified_time\" content=\"2026-03-27T09:05:52+00:00\" \/>\n<meta property=\"og:image\" content=\"https:\/\/vaasankameleontti.fi\/wp-content\/uploads\/2025\/11\/vaasan-kameleontti-ulkoa3.jpg\" \/>\n\t<meta property=\"og:image:width\" content=\"1199\" \/>\n\t<meta property=\"og:image:height\" content=\"800\" \/>\n\t<meta property=\"og:image:type\" content=\"image\/jpeg\" \/>\n<meta name=\"twitter:card\" content=\"summary_large_image\" \/>\n<meta name=\"twitter:label1\" content=\"Ber\u00e4knad l\u00e4stid\" \/>\n\t<meta name=\"twitter:data1\" content=\"8 minuter\" \/>\n<script type=\"application\/ld+json\" class=\"yoast-schema-graph\">{\"@context\":\"https:\/\/schema.org\",\"@graph\":[{\"@type\":\"WebPage\",\"@id\":\"https:\/\/vaasankameleontti.fi\/sv\/\",\"url\":\"https:\/\/vaasankameleontti.fi\/sv\/\",\"name\":\"Flexibla lokaler f\u00f6r f\u00f6retag som vill v\u00e4xa - Vaasan Kameleontti\",\"isPartOf\":{\"@id\":\"https:\/\/vaasankameleontti.fi\/sv\/#website\"},\"primaryImageOfPage\":{\"@id\":\"https:\/\/vaasankameleontti.fi\/sv\/#primaryimage\"},\"image\":{\"@id\":\"https:\/\/vaasankameleontti.fi\/sv\/#primaryimage\"},\"thumbnailUrl\":\"https:\/\/vaasankameleontti.fi\/wp-content\/uploads\/2025\/11\/vaasan-kameleontti-ulkoa3.jpg\",\"datePublished\":\"2025-09-26T07:14:57+00:00\",\"dateModified\":\"2026-03-27T09:05:52+00:00\",\"breadcrumb\":{\"@id\":\"https:\/\/vaasankameleontti.fi\/sv\/#breadcrumb\"},\"inLanguage\":\"sv-SE\",\"potentialAction\":[{\"@type\":\"ReadAction\",\"target\":[\"https:\/\/vaasankameleontti.fi\/sv\/\"]}]},{\"@type\":\"ImageObject\",\"inLanguage\":\"sv-SE\",\"@id\":\"https:\/\/vaasankameleontti.fi\/sv\/#primaryimage\",\"url\":\"https:\/\/vaasankameleontti.fi\/wp-content\/uploads\/2025\/11\/vaasan-kameleontti-ulkoa3.jpg\",\"contentUrl\":\"https:\/\/vaasankameleontti.fi\/wp-content\/uploads\/2025\/11\/vaasan-kameleontti-ulkoa3.jpg\",\"width\":1199,\"height\":800},{\"@type\":\"BreadcrumbList\",\"@id\":\"https:\/\/vaasankameleontti.fi\/sv\/#breadcrumb\",\"itemListElement\":[{\"@type\":\"ListItem\",\"position\":1,\"name\":\"Etusivu\",\"item\":\"https:\/\/vaasankameleontti.fi\/sv\/\"},{\"@type\":\"ListItem\",\"position\":2,\"name\":\"Flexibla lokaler f\u00f6r f\u00f6retag som vill v\u00e4xa\"}]},{\"@type\":\"WebSite\",\"@id\":\"https:\/\/vaasankameleontti.fi\/sv\/#website\",\"url\":\"https:\/\/vaasankameleontti.fi\/sv\/\",\"name\":\"Vaasan Kameleontti\",\"description\":\"Kameleontti tarjoaa yrityksellesi tulevaisuuden toimitilat Runsorin ytimess\u00e4 lentokent\u00e4n vieress\u00e4 ja vain vartin ajomatkan p\u00e4\u00e4ss\u00e4 Vaasan keskustasta.\",\"publisher\":{\"@id\":\"https:\/\/vaasankameleontti.fi\/sv\/#organization\"},\"potentialAction\":[{\"@type\":\"SearchAction\",\"target\":{\"@type\":\"EntryPoint\",\"urlTemplate\":\"https:\/\/vaasankameleontti.fi\/sv\/?s={search_term_string}\"},\"query-input\":{\"@type\":\"PropertyValueSpecification\",\"valueRequired\":true,\"valueName\":\"search_term_string\"}}],\"inLanguage\":\"sv-SE\"},{\"@type\":\"Organization\",\"@id\":\"https:\/\/vaasankameleontti.fi\/sv\/#organization\",\"name\":\"Kameleonten i Vasa\",\"url\":\"https:\/\/vaasankameleontti.fi\/sv\/\",\"logo\":{\"@type\":\"ImageObject\",\"inLanguage\":\"sv-SE\",\"@id\":\"https:\/\/vaasankameleontti.fi\/sv\/#\/schema\/logo\/image\/\",\"url\":\"https:\/\/vaasankameleontti.fi\/wp-content\/uploads\/2025\/10\/Kameleontti_logo_oranssi_fi.svg\",\"contentUrl\":\"https:\/\/vaasankameleontti.fi\/wp-content\/uploads\/2025\/10\/Kameleontti_logo_oranssi_fi.svg\",\"width\":9897949829,\"height\":2083159943,\"caption\":\"Kameleonten i Vasa\"},\"image\":{\"@id\":\"https:\/\/vaasankameleontti.fi\/sv\/#\/schema\/logo\/image\/\"}}]}<\/script>\n<!-- \/ Yoast SEO plugin. -->","yoast_head_json":{"title":"Flexibla lokaler f\u00f6r f\u00f6retag som vill v\u00e4xa - Vaasan Kameleontti","robots":{"index":"index","follow":"follow","max-snippet":"max-snippet:-1","max-image-preview":"max-image-preview:large","max-video-preview":"max-video-preview:-1"},"canonical":"https:\/\/vaasankameleontti.fi\/sv\/","og_locale":"sv_SE","og_type":"article","og_title":"Flexibla lokaler f\u00f6r f\u00f6retag som vill v\u00e4xa - Vaasan Kameleontti","og_description":"[vc_row row_height_percent=&#8221;0&#8243; override_padding=&#8221;yes&#8221; h_padding=&#8221;2&#8243; top_padding=&#8221;0&#8243; bottom_padding=&#8221;0&#8243; overlay_alpha=&#8221;50&#8243; equal_height=&#8221;yes&#8221; gutter_size=&#8221;0&#8243; column_width_percent=&#8221;100&#8243; shift_y=&#8221;0&#8243; z_index=&#8221;0&#8243; content_parallax=&#8221;0&#8243; el_class=&#8221;inverted-device-order&#8221; uncode_shortcode_id=&#8221;131481&#8243; row_name=&#8221;Vaasan Kameleontti&#8221;][vc_column column_width_percent=&#8221;100&#8243; position_vertical=&#8221;middle&#8221; gutter_size=&#8221;3&#8243; [&hellip;]","og_url":"https:\/\/vaasankameleontti.fi\/sv\/","og_site_name":"Vaasan Kameleontti","article_modified_time":"2026-03-27T09:05:52+00:00","og_image":[{"width":1199,"height":800,"url":"https:\/\/vaasankameleontti.fi\/wp-content\/uploads\/2025\/11\/vaasan-kameleontti-ulkoa3.jpg","type":"image\/jpeg"}],"twitter_card":"summary_large_image","twitter_misc":{"Ber\u00e4knad l\u00e4stid":"8 minuter"},"schema":{"@context":"https:\/\/schema.org","@graph":[{"@type":"WebPage","@id":"https:\/\/vaasankameleontti.fi\/sv\/","url":"https:\/\/vaasankameleontti.fi\/sv\/","name":"Flexibla lokaler f\u00f6r f\u00f6retag som vill v\u00e4xa - Vaasan Kameleontti","isPartOf":{"@id":"https:\/\/vaasankameleontti.fi\/sv\/#website"},"primaryImageOfPage":{"@id":"https:\/\/vaasankameleontti.fi\/sv\/#primaryimage"},"image":{"@id":"https:\/\/vaasankameleontti.fi\/sv\/#primaryimage"},"thumbnailUrl":"https:\/\/vaasankameleontti.fi\/wp-content\/uploads\/2025\/11\/vaasan-kameleontti-ulkoa3.jpg","datePublished":"2025-09-26T07:14:57+00:00","dateModified":"2026-03-27T09:05:52+00:00","breadcrumb":{"@id":"https:\/\/vaasankameleontti.fi\/sv\/#breadcrumb"},"inLanguage":"sv-SE","potentialAction":[{"@type":"ReadAction","target":["https:\/\/vaasankameleontti.fi\/sv\/"]}]},{"@type":"ImageObject","inLanguage":"sv-SE","@id":"https:\/\/vaasankameleontti.fi\/sv\/#primaryimage","url":"https:\/\/vaasankameleontti.fi\/wp-content\/uploads\/2025\/11\/vaasan-kameleontti-ulkoa3.jpg","contentUrl":"https:\/\/vaasankameleontti.fi\/wp-content\/uploads\/2025\/11\/vaasan-kameleontti-ulkoa3.jpg","width":1199,"height":800},{"@type":"BreadcrumbList","@id":"https:\/\/vaasankameleontti.fi\/sv\/#breadcrumb","itemListElement":[{"@type":"ListItem","position":1,"name":"Etusivu","item":"https:\/\/vaasankameleontti.fi\/sv\/"},{"@type":"ListItem","position":2,"name":"Flexibla lokaler f\u00f6r f\u00f6retag som vill v\u00e4xa"}]},{"@type":"WebSite","@id":"https:\/\/vaasankameleontti.fi\/sv\/#website","url":"https:\/\/vaasankameleontti.fi\/sv\/","name":"Vaasan Kameleontti","description":"Kameleontti tarjoaa yrityksellesi tulevaisuuden toimitilat Runsorin ytimess\u00e4 lentokent\u00e4n vieress\u00e4 ja vain vartin ajomatkan p\u00e4\u00e4ss\u00e4 Vaasan keskustasta.","publisher":{"@id":"https:\/\/vaasankameleontti.fi\/sv\/#organization"},"potentialAction":[{"@type":"SearchAction","target":{"@type":"EntryPoint","urlTemplate":"https:\/\/vaasankameleontti.fi\/sv\/?s={search_term_string}"},"query-input":{"@type":"PropertyValueSpecification","valueRequired":true,"valueName":"search_term_string"}}],"inLanguage":"sv-SE"},{"@type":"Organization","@id":"https:\/\/vaasankameleontti.fi\/sv\/#organization","name":"Kameleonten i Vasa","url":"https:\/\/vaasankameleontti.fi\/sv\/","logo":{"@type":"ImageObject","inLanguage":"sv-SE","@id":"https:\/\/vaasankameleontti.fi\/sv\/#\/schema\/logo\/image\/","url":"https:\/\/vaasankameleontti.fi\/wp-content\/uploads\/2025\/10\/Kameleontti_logo_oranssi_fi.svg","contentUrl":"https:\/\/vaasankameleontti.fi\/wp-content\/uploads\/2025\/10\/Kameleontti_logo_oranssi_fi.svg","width":9897949829,"height":2083159943,"caption":"Kameleonten i Vasa"},"image":{"@id":"https:\/\/vaasankameleontti.fi\/sv\/#\/schema\/logo\/image\/"}}]}},"_links":{"self":[{"href":"https:\/\/vaasankameleontti.fi\/sv\/wp-json\/wp\/v2\/pages\/258","targetHints":{"allow":["GET"]}}],"collection":[{"href":"https:\/\/vaasankameleontti.fi\/sv\/wp-json\/wp\/v2\/pages"}],"about":[{"href":"https:\/\/vaasankameleontti.fi\/sv\/wp-json\/wp\/v2\/types\/page"}],"author":[{"embeddable":true,"href":"https:\/\/vaasankameleontti.fi\/sv\/wp-json\/wp\/v2\/users\/1"}],"replies":[{"embeddable":true,"href":"https:\/\/vaasankameleontti.fi\/sv\/wp-json\/wp\/v2\/comments?post=258"}],"version-history":[{"count":28,"href":"https:\/\/vaasankameleontti.fi\/sv\/wp-json\/wp\/v2\/pages\/258\/revisions"}],"predecessor-version":[{"id":642,"href":"https:\/\/vaasankameleontti.fi\/sv\/wp-json\/wp\/v2\/pages\/258\/revisions\/642"}],"wp:featuredmedia":[{"embeddable":true,"href":"https:\/\/vaasankameleontti.fi\/sv\/wp-json\/wp\/v2\/media\/450"}],"wp:attachment":[{"href":"https:\/\/vaasankameleontti.fi\/sv\/wp-json\/wp\/v2\/media?parent=258"}],"curies":[{"name":"wp","href":"https:\/\/api.w.org\/{rel}","templated":true}]}}